{"id":195,"date":"2024-06-01T21:12:20","date_gmt":"2024-06-02T00:12:20","guid":{"rendered":"https:\/\/senna.pro.br\/gp\/?page_id=195"},"modified":"2026-01-07T17:13:18","modified_gmt":"2026-01-07T20:13:18","slug":"boas-vindas","status":"publish","type":"page","link":"https:\/\/senna.pro.br\/gp\/","title":{"rendered":"Boas vindas"},"content":{"rendered":"\n<div class=\"wp-block-columns has-white-background-color has-background is-layout-flex wp-container-core-columns-is-layout-28f84493 wp-block-columns-is-layout-flex\">\n<div class=\"wp-block-column is-layout-flow wp-block-column-is-layout-flow\" style=\"flex-basis:75%\">\n<figure class=\"wp-block-image aligncenter size-large\"><img loading=\"lazy\" decoding=\"async\" width=\"1024\" height=\"279\" src=\"https:\/\/senna.pro.br\/gp\/wp-content\/uploads\/2026\/01\/logo_gplinguagem-1024x279.png\" alt=\"\" class=\"wp-image-314\" srcset=\"https:\/\/senna.pro.br\/gp\/wp-content\/uploads\/2026\/01\/logo_gplinguagem-1024x279.png 1024w, https:\/\/senna.pro.br\/gp\/wp-content\/uploads\/2026\/01\/logo_gplinguagem-300x82.png 300w, https:\/\/senna.pro.br\/gp\/wp-content\/uploads\/2026\/01\/logo_gplinguagem-768x210.png 768w, https:\/\/senna.pro.br\/gp\/wp-content\/uploads\/2026\/01\/logo_gplinguagem-1536x419.png 1536w, https:\/\/senna.pro.br\/gp\/wp-content\/uploads\/2026\/01\/logo_gplinguagem-2048x559.png 2048w\" sizes=\"auto, (max-width: 1024px) 100vw, 1024px\" \/><\/figure>\n<\/div>\n\n\n\n<div class=\"wp-block-column is-layout-flow wp-block-column-is-layout-flow\" style=\"flex-basis:25%\">\n<p class=\"has-black-color has-text-color has-link-color has-small-font-size wp-elements-0ece249fe0d5a3877147e66bff65d8a9\">Apresentando o novo logo do gpLinguagem, que inclui a marca do Laborat\u00f3rio de Linguagens e Ambientes de Aprendizagem Hipertextual, este que se tornou a mola mestra de sua produ\u00e7\u00e3o cient\u00edfica.<\/p>\n\n\n\n<p class=\"has-text-align-left has-black-color has-text-color has-link-color has-small-font-size wp-elements-9fde39f48299d6c5bbc7ed9d405ca191\"><strong>Luiz Antonio Gomes Senna, <\/strong><br>L\u00edder do <em>gp<\/em> &amp; Professor<\/p>\n<\/div>\n<\/div>\n\n\n\n<div class=\"wp-block-columns is-layout-flex wp-container-core-columns-is-layout-28f84493 wp-block-columns-is-layout-flex\">\n<div class=\"wp-block-column has-small-font-size is-layout-flow wp-block-column-is-layout-flow\" style=\"flex-basis:25%\">\n<p class=\"has-small-font-size\"><strong>Institui\u00e7\u00f5es representadas pela equipe  e organismos financiadores em 2025<\/strong><\/p>\n\n\n\n<p class=\"has-small-font-size\"><em>UERJ, &#8211; UEPB, &#8211; UFAC &#8211; UFR<br>Instituto Federal de Educa\u00e7\u00e3o, Ci\u00eancia e Tecnologia do Rio de Janeiro \u2013 IFRJ<br>Instituto Federal Fluminense \u2013 IFF<br>Col. Brigadeiro Newton Braga<br>Insti. Nacional de Educ. de Surdos \u2013 INES<br>Instituto Benjamin Constant<br>Secretarias Municipais de Educa\u00e7\u00e3o do Rio de Janeiro e Niter\u00f3i<\/em><br><br><em>CAPES- ProEx \u2013 CAPES-Print \u2013 CAPES-Mova <br><\/em>CNPq<br><em>Funda\u00e7\u00e3o FAPERJ, Funda\u00e7\u00e3o CECIERJ<br>Programa PROCIENCIA \/ UERJ<\/em><br><em><br>F\u00f3rum Estadual de Alfabetiza\u00e7\u00e3o do Rio de Janeiro<\/em><br><em>Associa\u00e7\u00e3o de Lingu\u00edstica e Filologia da Am\u00e9rica Latina<\/em><br><em>American Association of Applied Linguistics<\/em><\/p>\n\n\n\n<p><\/p>\n<\/div>\n\n\n\n<div class=\"wp-block-column is-layout-flow wp-block-column-is-layout-flow\" style=\"flex-basis:65%\">\n<div class=\"wp-block-columns is-layout-flex wp-container-core-columns-is-layout-28f84493 wp-block-columns-is-layout-flex\">\n<div class=\"wp-block-column is-layout-flow wp-block-column-is-layout-flow\" style=\"flex-basis:75%\">\n<h5 class=\"wp-block-heading\">Boas vindas ao grupo de pesquisa&nbsp;<strong>Linguagem, Cogni\u00e7\u00e3o Humana e Processos Educacionais<\/strong>.&nbsp;Aqui se faz pesquisa de base para a <strong>Educa\u00e7\u00e3o Brasileira<\/strong> e <strong>nossos professores<\/strong>. Para n\u00f3s, s\u00f3 pessoas reais interessam e nos desafiam a reinventar a pesquisa acad\u00eamica em ci\u00eancias <strong>humanas<\/strong>.<br><\/h5>\n\n\n\n<h5 class=\"wp-block-heading has-text-align-left has-small-font-size\"><strong>Eventos recentes<\/strong><br>Lan\u00e7amento do Boletim Miudim Vol. 1 (2), 2025 &#8211; Dispon\u00edvel no site de publica\u00e7\u00f5es do Editorial Laborat.<\/h5>\n\n\n\n<p class=\"has-small-font-size\">Publica\u00e7\u00e3o de dossi\u00ea fotogr\u00e1fico na Revista Textos H\u00edbridos (Chile)<\/p>\n\n\n\n<figure class=\"wp-block-image size-large is-resized is-style-default\"><img loading=\"lazy\" decoding=\"async\" width=\"1024\" height=\"683\" src=\"https:\/\/senna.pro.br\/gp\/wp-content\/uploads\/2025\/04\/grupo_a2025-1024x683.jpg\" alt=\"\" class=\"wp-image-292\" style=\"width:558px;height:auto\" srcset=\"https:\/\/senna.pro.br\/gp\/wp-content\/uploads\/2025\/04\/grupo_a2025-1024x683.jpg 1024w, https:\/\/senna.pro.br\/gp\/wp-content\/uploads\/2025\/04\/grupo_a2025-300x200.jpg 300w, https:\/\/senna.pro.br\/gp\/wp-content\/uploads\/2025\/04\/grupo_a2025-768x512.jpg 768w, https:\/\/senna.pro.br\/gp\/wp-content\/uploads\/2025\/04\/grupo_a2025-1536x1024.jpg 1536w, https:\/\/senna.pro.br\/gp\/wp-content\/uploads\/2025\/04\/grupo_a2025-2048x1365.jpg 2048w\" sizes=\"auto, (max-width: 1024px) 100vw, 1024px\" \/><figcaption class=\"wp-element-caption\">Luciana, Dandara, Mariana, Luana e Ramon<\/figcaption><\/figure>\n<\/div>\n\n\n\n<div class=\"wp-block-column is-vertically-aligned-top is-layout-flow wp-block-column-is-layout-flow\" style=\"flex-basis:25%\">\n<div class=\"wp-block-buttons is-content-justification-center is-layout-flex wp-container-core-buttons-is-layout-a89b3969 wp-block-buttons-is-layout-flex\">\n<div class=\"wp-block-button has-custom-width wp-block-button__width-100\"><a class=\"wp-block-button__link has-vivid-purple-background-color has-background has-small-font-size has-custom-font-size wp-element-button\" href=\"https:\/\/www.senna.pro.br\/md456\/moodle\">AVA<\/a><\/div>\n<\/div>\n\n\n\n<div class=\"wp-block-buttons is-content-justification-center is-layout-flex wp-container-core-buttons-is-layout-a89b3969 wp-block-buttons-is-layout-flex\">\n<div class=\"wp-block-button\"><a class=\"wp-block-button__link has-white-color has-vivid-purple-background-color has-text-color has-background has-link-color wp-element-button\" href=\"https:\/\/www.senna.pro.br\/laborat\">LaborAt<\/a><\/div>\n<\/div>\n\n\n\n<div class=\"wp-block-buttons is-content-justification-center is-layout-flex wp-container-core-buttons-is-layout-a89b3969 wp-block-buttons-is-layout-flex\">\n<div class=\"wp-block-button\"><a class=\"wp-block-button__link has-white-color has-vivid-purple-background-color has-text-color has-background has-link-color wp-element-button\" href=\"httts:\/\/editoriallaborat.com.br\">Editorial<\/a><\/div>\n<\/div>\n\n\n\n<div class=\"wp-block-buttons is-content-justification-center is-layout-flex wp-container-core-buttons-is-layout-a89b3969 wp-block-buttons-is-layout-flex\">\n<div class=\"wp-block-button\"><a class=\"wp-block-button__link has-vivid-cyan-blue-background-color has-background has-small-font-size has-custom-font-size wp-element-button\" href=\"https:\/\/www.senna.pro.br\/wp\/biblioteca\">       Biblioteca Eletr\u00f4nica       <\/a><\/div>\n<\/div>\n\n\n\n<div class=\"wp-block-buttons is-content-justification-center is-layout-flex wp-container-core-buttons-is-layout-a89b3969 wp-block-buttons-is-layout-flex\">\n<div class=\"wp-block-button\"><a class=\"wp-block-button__link has-white-color has-vivid-cyan-blue-background-color has-text-color has-background has-link-color has-small-font-size has-custom-font-size wp-element-button\" href=\"https:\/\/www.uerj.br\">UERJ<\/a><\/div>\n\n\n\n<div class=\"wp-block-button\"><a class=\"wp-block-button__link has-white-color has-vivid-cyan-blue-background-color has-text-color has-background has-link-color has-small-font-size has-custom-font-size wp-element-button\" href=\"https:\/\/www.proped.pro.br\">PROPED<\/a><\/div>\n<\/div>\n\n\n\n<div class=\"wp-block-buttons is-layout-flex wp-block-buttons-is-layout-flex\"><\/div>\n<\/div>\n<\/div>\n<\/div>\n\n\n\n<div class=\"wp-block-column has-white-background-color has-background is-layout-flow wp-block-column-is-layout-flow\" style=\"flex-basis:10%\"><\/div>\n<\/div>\n\n\n\n<div style=\"height:64px\" aria-hidden=\"true\" class=\"wp-block-spacer\"><\/div>\n\n\n\n<p class=\"has-text-align-center\"><a href=\"https:\/\/senna.pro.br\/gp\/?page_id=3\" data-type=\"page\" data-id=\"3\">Pol\u00edtica do site e outras informa\u00e7\u00f5es sobre gpLinguagem e o portal www.senna.pro.br.<\/a><\/p>\n","protected":false},"excerpt":{"rendered":"<p>Apresentando o novo logo do gpLinguagem, que inclui a marca do Laborat\u00f3rio de Linguagens e Ambientes de Aprendizagem Hipertextual, este que se tornou a mola mestra de sua produ\u00e7\u00e3o cient\u00edfica. Luiz Antonio Gomes Senna, L\u00edder do gp &amp; Professor Institui\u00e7\u00f5es<\/p>\n","protected":false},"author":1,"featured_media":0,"parent":0,"menu_order":0,"comment_status":"closed","ping_status":"closed","template":"","meta":{"footnotes":""},"class_list":["post-195","page","type-page","status-publish","hentry","","tg-column-two"],"_links":{"self":[{"href":"https:\/\/senna.pro.br\/gp\/index.php?rest_route=\/wp\/v2\/pages\/195","targetHints":{"allow":["GET"]}}],"collection":[{"href":"https:\/\/senna.pro.br\/gp\/index.php?rest_route=\/wp\/v2\/pages"}],"about":[{"href":"https:\/\/senna.pro.br\/gp\/index.php?rest_route=\/wp\/v2\/types\/page"}],"author":[{"embeddable":true,"href":"https:\/\/senna.pro.br\/gp\/index.php?rest_route=\/wp\/v2\/users\/1"}],"replies":[{"embeddable":true,"href":"https:\/\/senna.pro.br\/gp\/index.php?rest_route=%2Fwp%2Fv2%2Fcomments&post=195"}],"version-history":[{"count":27,"href":"https:\/\/senna.pro.br\/gp\/index.php?rest_route=\/wp\/v2\/pages\/195\/revisions"}],"predecessor-version":[{"id":318,"href":"https:\/\/senna.pro.br\/gp\/index.php?rest_route=\/wp\/v2\/pages\/195\/revisions\/318"}],"wp:attachment":[{"href":"https:\/\/senna.pro.br\/gp\/index.php?rest_route=%2Fwp%2Fv2%2Fmedia&parent=195"}],"curies":[{"name":"wp","href":"https:\/\/api.w.org\/{rel}","templated":true}]}}